{"id":852,"date":"2017-06-15T08:24:42","date_gmt":"2017-06-15T08:24:42","guid":{"rendered":"https:\/\/kerenhajessod.ch\/?page_id=852"},"modified":"2024-06-06T23:33:23","modified_gmt":"2024-06-06T21:33:23","slug":"aboutus","status":"publish","type":"page","link":"https:\/\/kerenhajessod.ch\/en\/aboutus\/","title":{"rendered":"About us"},"content":{"rendered":"\t\t<div data-elementor-type=\"wp-page\" data-elementor-id=\"852\" class=\"elementor elementor-852 elementor-35\" data-elementor-post-type=\"page\">\n\t\t\t\t\t\t<section class=\"elementor-section elementor-top-section elementor-element elementor-element-35cfb22 elementor-section-boxed elementor-section-height-default elementor-section-height-default\" data-id=\"35cfb22\" data-element_type=\"section\">\n\t\t\t\t\t\t<div class=\"elementor-container elementor-column-gap-default\">\n\t\t\t\t\t<div class=\"elementor-column elementor-col-100 elementor-top-column elementor-element elementor-element-6e58987\" data-id=\"6e58987\" data-element_type=\"column\">\n\t\t\t<div class=\"elementor-widget-wrap elementor-element-populated\">\n\t\t\t\t\t\t<div class=\"elementor-element elementor-element-a832bdf elementor-widget elementor-widget-heading\" data-id=\"a832bdf\" data-element_type=\"widget\" data-widget_type=\"heading.default\">\n\t\t\t\t<div class=\"elementor-widget-container\">\n\t\t\t\t\t<h3 class=\"elementor-heading-title elementor-size-default\">KEREN HAJESSOD<\/h3>\t\t\t\t<\/div>\n\t\t\t\t<\/div>\n\t\t\t\t<section class=\"elementor-section elementor-inner-section elementor-element elementor-element-bc3d9f5 elementor-section-boxed elementor-section-height-default elementor-section-height-default\" data-id=\"bc3d9f5\" data-element_type=\"section\">\n\t\t\t\t\t\t<div class=\"elementor-container elementor-column-gap-default\">\n\t\t\t\t\t<div class=\"elementor-column elementor-col-33 elementor-inner-column elementor-element elementor-element-b5a557c\" data-id=\"b5a557c\" data-element_type=\"column\">\n\t\t\t<div class=\"elementor-widget-wrap\">\n\t\t\t\t\t\t\t<\/div>\n\t\t<\/div>\n\t\t\t\t<div class=\"elementor-column elementor-col-33 elementor-inner-column elementor-element elementor-element-c950708\" data-id=\"c950708\" data-element_type=\"column\">\n\t\t\t<div class=\"elementor-widget-wrap elementor-element-populated\">\n\t\t\t\t\t\t<div class=\"elementor-element elementor-element-c402253 elementor-widget elementor-widget-video\" data-id=\"c402253\" data-element_type=\"widget\" data-settings=\"{&quot;video_type&quot;:&quot;vimeo&quot;}\" data-widget_type=\"video.default\">\n\t\t\t\t<div class=\"elementor-widget-container\">\n\t\t\t\t\t\t\t<div class=\"elementor-wrapper elementor-open-inline\">\n\t\t\t<iframe class=\"elementor-video-iframe\" allowfullscreen allow=\"clipboard-write\" title=\"vimeo Video Player\" src=\"https:\/\/player.vimeo.com\/video\/423101063?color&amp;autopause=0&amp;loop=0&amp;muted=0&amp;title=1&amp;portrait=1&amp;byline=1#t=\"><\/iframe>\t\t<\/div>\n\t\t\t\t\t\t<\/div>\n\t\t\t\t<\/div>\n\t\t\t\t\t<\/div>\n\t\t<\/div>\n\t\t\t\t<div class=\"elementor-column elementor-col-33 elementor-inner-column elementor-element elementor-element-3fc1f06\" data-id=\"3fc1f06\" data-element_type=\"column\">\n\t\t\t<div class=\"elementor-widget-wrap\">\n\t\t\t\t\t\t\t<\/div>\n\t\t<\/div>\n\t\t\t\t\t<\/div>\n\t\t<\/section>\n\t\t\t\t\t<\/div>\n\t\t<\/div>\n\t\t\t\t\t<\/div>\n\t\t<\/section>\n\t\t\t\t<section class=\"elementor-section elementor-top-section elementor-element elementor-element-1dd8b690 elementor-section-boxed elementor-section-height-default elementor-section-height-default\" data-id=\"1dd8b690\" data-element_type=\"section\">\n\t\t\t\t\t\t<div class=\"elementor-container elementor-column-gap-default\">\n\t\t\t\t\t<div class=\"elementor-column elementor-col-100 elementor-top-column elementor-element elementor-element-67787a42\" data-id=\"67787a42\" data-element_type=\"column\">\n\t\t\t<div class=\"elementor-widget-wrap elementor-element-populated\">\n\t\t\t\t\t\t<div class=\"elementor-element elementor-element-70246bae elementor-widget elementor-widget-heading\" data-id=\"70246bae\" data-element_type=\"widget\" data-widget_type=\"heading.default\">\n\t\t\t\t<div class=\"elementor-widget-container\">\n\t\t\t\t\t<h3 class=\"elementor-heading-title elementor-size-default\">Mission and Vision<\/h3>\t\t\t\t<\/div>\n\t\t\t\t<\/div>\n\t\t\t\t<section class=\"elementor-section elementor-inner-section elementor-element elementor-element-4627f0cb elementor-section-boxed elementor-section-height-default elementor-section-height-default\" data-id=\"4627f0cb\" data-element_type=\"section\">\n\t\t\t\t\t\t<div class=\"elementor-container elementor-column-gap-default\">\n\t\t\t\t\t<div class=\"elementor-column elementor-col-66 elementor-inner-column elementor-element elementor-element-5cf23bc9\" data-id=\"5cf23bc9\" data-element_type=\"column\">\n\t\t\t<div class=\"elementor-widget-wrap elementor-element-populated\">\n\t\t\t\t\t\t<div class=\"elementor-element elementor-element-6245dc9d elementor-widget elementor-widget-text-editor\" data-id=\"6245dc9d\" data-element_type=\"widget\" data-widget_type=\"text-editor.default\">\n\t\t\t\t<div class=\"elementor-widget-container\">\n\t\t\t\t\t\t\t\t\t<p>The core and long-term mission of Keren Hajessod is strengthening the Israeli community.<\/p><p><br><\/p>\n<p>Our priorities are:<\/p>\n<ul style=\"font-size: 16px; background-color: #ffffff;\">\n<li style=\"font-size: 16px;\">Strengthening the socially disadvantaged population of the periphery<\/li>\n<li style=\"font-size: 16px;\">Supporting Aliyah and the integration of new immigrants<\/li>\n<li style=\"font-size: 16px;\">Protecting Jewish identity<\/li>\n<\/ul>\t\t\t\t\t\t\t\t<\/div>\n\t\t\t\t<\/div>\n\t\t\t\t<div class=\"elementor-element elementor-element-7974459 elementor-widget elementor-widget-spacer\" data-id=\"7974459\" data-element_type=\"widget\" data-widget_type=\"spacer.default\">\n\t\t\t\t<div class=\"elementor-widget-container\">\n\t\t\t\t\t\t\t<div class=\"elementor-spacer\">\n\t\t\t<div class=\"elementor-spacer-inner\"><\/div>\n\t\t<\/div>\n\t\t\t\t\t\t<\/div>\n\t\t\t\t<\/div>\n\t\t\t\t<div class=\"elementor-element elementor-element-250af234 elementor-widget elementor-widget-heading\" data-id=\"250af234\" data-element_type=\"widget\" data-widget_type=\"heading.default\">\n\t\t\t\t<div class=\"elementor-widget-container\">\n\t\t\t\t\t<h5 class=\"elementor-heading-title elementor-size-default\">Strengthening of the socially disadvantaged population in the periphery<\/h5>\t\t\t\t<\/div>\n\t\t\t\t<\/div>\n\t\t\t\t<div class=\"elementor-element elementor-element-4f83a33a elementor-widget elementor-widget-text-editor\" data-id=\"4f83a33a\" data-element_type=\"widget\" data-widget_type=\"text-editor.default\">\n\t\t\t\t<div class=\"elementor-widget-container\">\n\t\t\t\t\t\t\t\t\t<p>Keren Hajessod advocates for the socially disadvantaged sections of the population in Israeli society, and for people in geographically disadvantaged areas of Israel. It is especially important to support and strengthen the population in the Negev desert and in Galilee, and to dismantle the existing social divides. No less threatening is the large number of underprivileged and endangered children and youth, specifically in geographical fringe areas of the country. Every third child in Israel is living below the poverty line. The portion of children that have no access to quality education is frighteningly high at 40 percent.<\/p><p>To date, Keren Hajessod has been able to rehabilitate more that 90 affected cities, implemented thousands of social programs and helped in the upbringing and education of hundreds of thousands of orphans and underprivileged youth.<\/p>\t\t\t\t\t\t\t\t<\/div>\n\t\t\t\t<\/div>\n\t\t\t\t\t<\/div>\n\t\t<\/div>\n\t\t\t\t<div class=\"elementor-column elementor-col-33 elementor-inner-column elementor-element elementor-element-184b9a58\" data-id=\"184b9a58\" data-element_type=\"column\">\n\t\t\t<div class=\"elementor-widget-wrap\">\n\t\t\t\t\t\t\t<\/div>\n\t\t<\/div>\n\t\t\t\t\t<\/div>\n\t\t<\/section>\n\t\t\t\t<section class=\"elementor-section elementor-inner-section elementor-element elementor-element-1372b589 elementor-section-boxed elementor-section-height-default elementor-section-height-default\" data-id=\"1372b589\" data-element_type=\"section\">\n\t\t\t\t\t\t<div class=\"elementor-container elementor-column-gap-default\">\n\t\t\t\t\t<div class=\"elementor-column elementor-col-50 elementor-inner-column elementor-element elementor-element-6c8c7d01\" data-id=\"6c8c7d01\" data-element_type=\"column\">\n\t\t\t<div class=\"elementor-widget-wrap elementor-element-populated\">\n\t\t\t\t\t\t<div class=\"elementor-element elementor-element-6599588d elementor-widget elementor-widget-image\" data-id=\"6599588d\" data-element_type=\"widget\" data-widget_type=\"image.default\">\n\t\t\t\t<div class=\"elementor-widget-container\">\n\t\t\t\t\t\t\t\t\t\t\t\t\t\t\t<img fetchpriority=\"high\" decoding=\"async\" width=\"800\" height=\"534\" src=\"https:\/\/kerenhajessod.ch\/wp-content\/uploads\/2017\/08\/DSC5073-1-1024x683.jpg\" class=\"attachment-large size-large wp-image-2616\" alt=\"\" srcset=\"https:\/\/kerenhajessod.ch\/wp-content\/uploads\/2017\/08\/DSC5073-1-1024x683.jpg 1024w, https:\/\/kerenhajessod.ch\/wp-content\/uploads\/2017\/08\/DSC5073-1-600x400.jpg 600w, https:\/\/kerenhajessod.ch\/wp-content\/uploads\/2017\/08\/DSC5073-1-400x267.jpg 400w, https:\/\/kerenhajessod.ch\/wp-content\/uploads\/2017\/08\/DSC5073-1-768x512.jpg 768w\" sizes=\"(max-width: 800px) 100vw, 800px\" \/>\t\t\t\t\t\t\t\t\t\t\t\t\t\t\t<\/div>\n\t\t\t\t<\/div>\n\t\t\t\t\t<\/div>\n\t\t<\/div>\n\t\t\t\t<div class=\"elementor-column elementor-col-50 elementor-inner-column elementor-element elementor-element-48a17019\" data-id=\"48a17019\" data-element_type=\"column\">\n\t\t\t<div class=\"elementor-widget-wrap elementor-element-populated\">\n\t\t\t\t\t\t<div class=\"elementor-element elementor-element-dbefb6b elementor-widget elementor-widget-heading\" data-id=\"dbefb6b\" data-element_type=\"widget\" data-widget_type=\"heading.default\">\n\t\t\t\t<div class=\"elementor-widget-container\">\n\t\t\t\t\t<h5 class=\"elementor-heading-title elementor-size-default\">supporting new immigrants<\/h5>\t\t\t\t<\/div>\n\t\t\t\t<\/div>\n\t\t\t\t<div class=\"elementor-element elementor-element-31c71b97 elementor-widget elementor-widget-text-editor\" data-id=\"31c71b97\" data-element_type=\"widget\" data-widget_type=\"text-editor.default\">\n\t\t\t\t<div class=\"elementor-widget-container\">\n\t\t\t\t\t\t\t\t\t<p>Keren Hajessod&#8217;s commitment in terms of Aliyah begins before the actual immigration happens, with counseling and preparation in the country of origin. They encompass apsorption centers, Ulpanim and the erection of an aid network to help create a new common home. Our decades-old commitment to supporting Aliyah and integration spans three generations, and began during the first European pogroms and during WWII. After that, Keren Hajessod helped the endangered Jewish communities in Iran and Yemen and Morocco. In recent years, Keren Hajessod has supported the Jewish Agency for Israel (JAFI) on their rescue missions and Aliyah efforts in the former USSR, Ethiopia, Syria and Cuba. Only recently, we were able to help Jews escape the economic collapse in Argentina and the increasing anti-semitism in Europe, and supported their immigration to Israel.<\/p>\t\t\t\t\t\t\t\t<\/div>\n\t\t\t\t<\/div>\n\t\t\t\t\t<\/div>\n\t\t<\/div>\n\t\t\t\t\t<\/div>\n\t\t<\/section>\n\t\t\t\t<section class=\"elementor-section elementor-inner-section elementor-element elementor-element-33ec40da elementor-section-boxed elementor-section-height-default elementor-section-height-default\" data-id=\"33ec40da\" data-element_type=\"section\">\n\t\t\t\t\t\t<div class=\"elementor-container elementor-column-gap-default\">\n\t\t\t\t\t<div class=\"elementor-column elementor-col-50 elementor-inner-column elementor-element elementor-element-1f641f88\" data-id=\"1f641f88\" data-element_type=\"column\">\n\t\t\t<div class=\"elementor-widget-wrap elementor-element-populated\">\n\t\t\t\t\t\t<div class=\"elementor-element elementor-element-20cd189b elementor-widget elementor-widget-heading\" data-id=\"20cd189b\" data-element_type=\"widget\" data-widget_type=\"heading.default\">\n\t\t\t\t<div class=\"elementor-widget-container\">\n\t\t\t\t\t<h5 class=\"elementor-heading-title elementor-size-default\">Protecting Jewish identity<\/h5>\t\t\t\t<\/div>\n\t\t\t\t<\/div>\n\t\t\t\t<div class=\"elementor-element elementor-element-7046cf8a elementor-widget elementor-widget-text-editor\" data-id=\"7046cf8a\" data-element_type=\"widget\" data-widget_type=\"text-editor.default\">\n\t\t\t\t<div class=\"elementor-widget-container\">\n\t\t\t\t\t\t\t\t\t<p>Reaching out to Jewish youth world-wide, helping them create a connection to their heritage and bringing Israel closer to their hearts \u2013 that is another important pillar of Keren Hajessod. Keren Hajessod supports youth in foreign countries in participating in study programs or charitable projects in Israel. Keren Hajessod trains teaching staff as well as and future community leaders. In addition, the revivication of Jewish life in the former USSR is supported.<\/p>\t\t\t\t\t\t\t\t<\/div>\n\t\t\t\t<\/div>\n\t\t\t\t\t<\/div>\n\t\t<\/div>\n\t\t\t\t<div class=\"elementor-column elementor-col-50 elementor-inner-column elementor-element elementor-element-18458145\" data-id=\"18458145\" data-element_type=\"column\">\n\t\t\t<div class=\"elementor-widget-wrap elementor-element-populated\">\n\t\t\t\t\t\t<div class=\"elementor-element elementor-element-181b5623 elementor-widget elementor-widget-image\" data-id=\"181b5623\" data-element_type=\"widget\" data-widget_type=\"image.default\">\n\t\t\t\t<div class=\"elementor-widget-container\">\n\t\t\t\t\t\t\t\t\t\t\t\t\t\t\t<img decoding=\"async\" width=\"190\" height=\"126\" src=\"https:\/\/kerenhajessod.ch\/wp-content\/uploads\/2017\/06\/dsc-9232.jpg\" class=\"attachment-large size-large wp-image-333\" alt=\"\" \/>\t\t\t\t\t\t\t\t\t\t\t\t\t\t\t<\/div>\n\t\t\t\t<\/div>\n\t\t\t\t\t<\/div>\n\t\t<\/div>\n\t\t\t\t\t<\/div>\n\t\t<\/section>\n\t\t\t\t\t<\/div>\n\t\t<\/div>\n\t\t\t\t\t<\/div>\n\t\t<\/section>\n\t\t\t\t<section class=\"elementor-section elementor-top-section elementor-element elementor-element-6795db83 elementor-section-boxed elementor-section-height-default elementor-section-height-default\" data-id=\"6795db83\" data-element_type=\"section\" data-settings=\"{&quot;background_background&quot;:&quot;classic&quot;}\">\n\t\t\t\t\t\t<div class=\"elementor-container elementor-column-gap-default\">\n\t\t\t\t\t<div class=\"elementor-column elementor-col-50 elementor-top-column elementor-element elementor-element-23cc331e\" data-id=\"23cc331e\" data-element_type=\"column\">\n\t\t\t<div class=\"elementor-widget-wrap elementor-element-populated\">\n\t\t\t\t\t\t<div class=\"elementor-element elementor-element-be7b598 elementor-widget elementor-widget-heading\" data-id=\"be7b598\" data-element_type=\"widget\" data-widget_type=\"heading.default\">\n\t\t\t\t<div class=\"elementor-widget-container\">\n\t\t\t\t\t<h3 class=\"elementor-heading-title elementor-size-default\">Team<\/h3>\t\t\t\t<\/div>\n\t\t\t\t<\/div>\n\t\t\t\t<div class=\"elementor-element elementor-element-2e35ba28 elementor-widget elementor-widget-text-editor\" data-id=\"2e35ba28\" data-element_type=\"widget\" data-widget_type=\"text-editor.default\">\n\t\t\t\t<div class=\"elementor-widget-container\">\n\t\t\t\t\t\t\t\t\t<p><span style=\"font-weight: bold;\">President<\/span><span style=\"font-weight: bolder; color: var( --e-global-color-text );\">&nbsp;<\/span><\/p>\n<p><\/p>\n<p><span style=\"color: var( --e-global-color-text );\">Thomas Wyler<\/span><\/p>\n<p><strong>&nbsp;<\/strong><\/p>\n<p><strong>Committee<br><\/strong>Nadia Guth Biasini, Jeremy Guggenheim,&nbsp;<span style=\"color: var( --e-global-color-text );\">Daniel Haymann,&nbsp;<\/span><span style=\"color: var( --e-global-color-text );\">Shiran Katz,&nbsp;<\/span><span style=\"color: var( --e-global-color-text );\">Denise Sch\u00e4chter, Tali Scheiner, <\/span><span style=\"color: var( --e-global-color-text );\">Emanuel Teicher,&nbsp;<\/span><span style=\"color: var( --e-global-color-text );\">Emanuel Zloczower<\/span><\/p>\n<p><span style=\"word-spacing: normal;\"><b>&nbsp;<\/b><\/span><\/p>\n<p><span style=\"word-spacing: normal;\"><b>OK Basel<br><\/b><\/span><span style=\"word-spacing: normal;\">Nadia Guth Biasini, President<\/span><\/p>\n<p><span style=\"word-spacing: normal;\"><b>&nbsp;<\/b><\/span><\/p>\n<p><span style=\"word-spacing: normal;\"><b>OK Bern<br><\/b><\/span><span style=\"word-spacing: normal;\">Emanuel Zloczower,&nbsp;<\/span><span style=\"color: var( --e-global-color-text );\">President<\/span><\/p>\n<p><span style=\"word-spacing: normal;\"><b>&nbsp;<\/b><\/span><\/p>\n<p><span style=\"word-spacing: normal;\"><b>OK Zurich<br><\/b><\/span><span style=\"word-spacing: normal;\">Tali Scheiner,&nbsp;<\/span><span style=\"color: var( --e-global-color-text );\">President<\/span><\/p>\n<p><span style=\"word-spacing: normal;\"><b>&nbsp;<\/b><\/span><\/p>\n<p><span style=\"word-spacing: normal;\"><b>Atid<\/b><\/span><\/p>\n<p><span style=\"word-spacing: normal;\"><b>&nbsp;<\/b><\/span><\/p>\n<p><span style=\"word-spacing: normal;\"><b>Delegate<br><\/b><\/span><span style=\"color: var( --e-global-color-text ); font-family: var( --e-global-typography-text-font-family ), Sans-serif; font-weight: var( --e-global-typography-text-font-weight ); word-spacing: normal;\">Ofer Kol<\/span><\/p>\n<p><span style=\"word-spacing: normal;\"><b>&nbsp;<\/b><\/span><\/p>\n<p><span style=\"word-spacing: normal;\"><b>Office<br><\/b><\/span><span style=\"word-spacing: normal;\">Viviane Engelmayer, Management<br><\/span><span style=\"word-spacing: normal;\">Lilly Rosenblatt, Office Zurich<\/span><\/p>\n<p><strong>&nbsp;<\/strong><\/p>\t\t\t\t\t\t\t\t<\/div>\n\t\t\t\t<\/div>\n\t\t\t\t\t<\/div>\n\t\t<\/div>\n\t\t\t\t<div class=\"elementor-column elementor-col-50 elementor-top-column elementor-element elementor-element-86272c9\" data-id=\"86272c9\" data-element_type=\"column\">\n\t\t\t<div class=\"elementor-widget-wrap\">\n\t\t\t\t\t\t\t<\/div>\n\t\t<\/div>\n\t\t\t\t\t<\/div>\n\t\t<\/section>\n\t\t\t\t<\/div>\n\t\t","protected":false},"excerpt":{"rendered":"<p>KEREN HAJESSOD Mission and Vision The core and long-term mission of Keren Hajessod is strengthening the Israeli community. Our priorities are: Strengthening the socially disadvantaged population of the periphery Supporting Aliyah and the integration of new immigrants Protecting Jewish identity Strengthening of the socially disadvantaged population in the periphery Keren Hajessod advocates for the socially [&hellip;]<\/p>\n","protected":false},"author":1,"featured_media":2606,"parent":0,"menu_order":15,"comment_status":"closed","ping_status":"closed","template":"","meta":{"footnotes":"","_links_to":"","_links_to_target":""},"class_list":["post-852","page","type-page","status-publish","has-post-thumbnail","hentry"],"yoast_head":"<!-- This site is optimized with the Yoast SEO plugin v24.7 - https:\/\/yoast.com\/wordpress\/plugins\/seo\/ -->\n<title>Keren Hajessod &#8226; About us &#8226; Keren Hajessod Schweiz<\/title>\n<meta name=\"description\" content=\"Keren Hajessod ist eine non-profit und unpolitische Organisation die humanit\u00e4re Projekte f\u00fcr alle Bev\u00f6lkerungsgruppen in Israel unterst\u00fctzt.\" \/>\n<meta name=\"robots\" content=\"index, follow, max-snippet:-1, max-image-preview:large, max-video-preview:-1\" \/>\n<link rel=\"canonical\" href=\"https:\/\/kerenhajessod.ch\/en\/aboutus\/\" \/>\n<meta property=\"og:locale\" content=\"en_US\" \/>\n<meta property=\"og:type\" content=\"article\" \/>\n<meta property=\"og:title\" content=\"Keren Hajessod &#8226; About us &#8226; Keren Hajessod Schweiz\" \/>\n<meta property=\"og:description\" content=\"Keren Hajessod ist eine non-profit und unpolitische Organisation die humanit\u00e4re Projekte f\u00fcr alle Bev\u00f6lkerungsgruppen in Israel unterst\u00fctzt.\" \/>\n<meta property=\"og:url\" content=\"https:\/\/kerenhajessod.ch\/en\/aboutus\/\" \/>\n<meta property=\"og:site_name\" content=\"Keren Hajessod Schweiz\" \/>\n<meta property=\"article:publisher\" content=\"https:\/\/www.facebook.com\/kerenhajessod\/\" \/>\n<meta property=\"article:modified_time\" content=\"2024-06-06T21:33:23+00:00\" \/>\n<meta property=\"og:image\" content=\"https:\/\/kerenhajessod.ch\/wp-content\/uploads\/2020\/05\/KH-proj-banner_1500x400_3col-1-1024x273.png\" \/>\n\t<meta property=\"og:image:width\" content=\"1024\" \/>\n\t<meta property=\"og:image:height\" content=\"273\" \/>\n\t<meta property=\"og:image:type\" content=\"image\/png\" \/>\n<meta name=\"twitter:card\" content=\"summary_large_image\" \/>\n<meta name=\"twitter:label1\" content=\"Est. reading time\" \/>\n\t<meta name=\"twitter:data1\" content=\"3 minutes\" \/>\n<script type=\"application\/ld+json\" class=\"yoast-schema-graph\">{\"@context\":\"https:\/\/schema.org\",\"@graph\":[{\"@type\":\"WebPage\",\"@id\":\"https:\/\/kerenhajessod.ch\/en\/aboutus\/\",\"url\":\"https:\/\/kerenhajessod.ch\/en\/aboutus\/\",\"name\":\"Keren Hajessod &#8226; About us &#8226; Keren Hajessod Schweiz\",\"isPartOf\":{\"@id\":\"https:\/\/kerenhajessod.ch\/#website\"},\"primaryImageOfPage\":{\"@id\":\"https:\/\/kerenhajessod.ch\/en\/aboutus\/#primaryimage\"},\"image\":{\"@id\":\"https:\/\/kerenhajessod.ch\/en\/aboutus\/#primaryimage\"},\"thumbnailUrl\":\"https:\/\/kerenhajessod.ch\/wp-content\/uploads\/2020\/05\/KH-proj-banner_1500x400_3col-1.png\",\"datePublished\":\"2017-06-15T08:24:42+00:00\",\"dateModified\":\"2024-06-06T21:33:23+00:00\",\"description\":\"Keren Hajessod ist eine non-profit und unpolitische Organisation die humanit\u00e4re Projekte f\u00fcr alle Bev\u00f6lkerungsgruppen in Israel unterst\u00fctzt.\",\"breadcrumb\":{\"@id\":\"https:\/\/kerenhajessod.ch\/en\/aboutus\/#breadcrumb\"},\"inLanguage\":\"en-US\",\"potentialAction\":[{\"@type\":\"ReadAction\",\"target\":[\"https:\/\/kerenhajessod.ch\/en\/aboutus\/\"]}]},{\"@type\":\"ImageObject\",\"inLanguage\":\"en-US\",\"@id\":\"https:\/\/kerenhajessod.ch\/en\/aboutus\/#primaryimage\",\"url\":\"https:\/\/kerenhajessod.ch\/wp-content\/uploads\/2020\/05\/KH-proj-banner_1500x400_3col-1.png\",\"contentUrl\":\"https:\/\/kerenhajessod.ch\/wp-content\/uploads\/2020\/05\/KH-proj-banner_1500x400_3col-1.png\",\"width\":2560,\"height\":683},{\"@type\":\"BreadcrumbList\",\"@id\":\"https:\/\/kerenhajessod.ch\/en\/aboutus\/#breadcrumb\",\"itemListElement\":[{\"@type\":\"ListItem\",\"position\":1,\"name\":\"Startseite\",\"item\":\"https:\/\/kerenhajessod.ch\/\"},{\"@type\":\"ListItem\",\"position\":2,\"name\":\"About us\"}]},{\"@type\":\"WebSite\",\"@id\":\"https:\/\/kerenhajessod.ch\/#website\",\"url\":\"https:\/\/kerenhajessod.ch\/\",\"name\":\"Keren Hajessod Schweiz\",\"description\":\"\",\"publisher\":{\"@id\":\"https:\/\/kerenhajessod.ch\/#organization\"},\"potentialAction\":[{\"@type\":\"SearchAction\",\"target\":{\"@type\":\"EntryPoint\",\"urlTemplate\":\"https:\/\/kerenhajessod.ch\/?s={search_term_string}\"},\"query-input\":{\"@type\":\"PropertyValueSpecification\",\"valueRequired\":true,\"valueName\":\"search_term_string\"}}],\"inLanguage\":\"en-US\"},{\"@type\":\"Organization\",\"@id\":\"https:\/\/kerenhajessod.ch\/#organization\",\"name\":\"Keren Hajessod Schweiz\",\"url\":\"https:\/\/kerenhajessod.ch\/\",\"logo\":{\"@type\":\"ImageObject\",\"inLanguage\":\"en-US\",\"@id\":\"https:\/\/kerenhajessod.ch\/#\/schema\/logo\/image\/\",\"url\":\"https:\/\/kerenhajessod.ch\/wp-content\/uploads\/2017\/09\/kh_blank_schmal.gif\",\"contentUrl\":\"https:\/\/kerenhajessod.ch\/wp-content\/uploads\/2017\/09\/kh_blank_schmal.gif\",\"width\":1400,\"height\":334,\"caption\":\"Keren Hajessod Schweiz\"},\"image\":{\"@id\":\"https:\/\/kerenhajessod.ch\/#\/schema\/logo\/image\/\"},\"sameAs\":[\"https:\/\/www.facebook.com\/kerenhajessod\/\",\"https:\/\/www.youtube.com\/playlist?list=PLanZ4Ba4_lOUcwXTRK7UeXQ6v_AipPIH2\"]}]}<\/script>\n<!-- \/ Yoast SEO plugin. -->","yoast_head_json":{"title":"Keren Hajessod &#8226; About us &#8226; Keren Hajessod Schweiz","description":"Keren Hajessod ist eine non-profit und unpolitische Organisation die humanit\u00e4re Projekte f\u00fcr alle Bev\u00f6lkerungsgruppen in Israel unterst\u00fctzt.","robots":{"index":"index","follow":"follow","max-snippet":"max-snippet:-1","max-image-preview":"max-image-preview:large","max-video-preview":"max-video-preview:-1"},"canonical":"https:\/\/kerenhajessod.ch\/en\/aboutus\/","og_locale":"en_US","og_type":"article","og_title":"Keren Hajessod &#8226; About us &#8226; Keren Hajessod Schweiz","og_description":"Keren Hajessod ist eine non-profit und unpolitische Organisation die humanit\u00e4re Projekte f\u00fcr alle Bev\u00f6lkerungsgruppen in Israel unterst\u00fctzt.","og_url":"https:\/\/kerenhajessod.ch\/en\/aboutus\/","og_site_name":"Keren Hajessod Schweiz","article_publisher":"https:\/\/www.facebook.com\/kerenhajessod\/","article_modified_time":"2024-06-06T21:33:23+00:00","og_image":[{"width":1024,"height":273,"url":"https:\/\/kerenhajessod.ch\/wp-content\/uploads\/2020\/05\/KH-proj-banner_1500x400_3col-1-1024x273.png","type":"image\/png"}],"twitter_card":"summary_large_image","twitter_misc":{"Est. reading time":"3 minutes"},"schema":{"@context":"https:\/\/schema.org","@graph":[{"@type":"WebPage","@id":"https:\/\/kerenhajessod.ch\/en\/aboutus\/","url":"https:\/\/kerenhajessod.ch\/en\/aboutus\/","name":"Keren Hajessod &#8226; About us &#8226; Keren Hajessod Schweiz","isPartOf":{"@id":"https:\/\/kerenhajessod.ch\/#website"},"primaryImageOfPage":{"@id":"https:\/\/kerenhajessod.ch\/en\/aboutus\/#primaryimage"},"image":{"@id":"https:\/\/kerenhajessod.ch\/en\/aboutus\/#primaryimage"},"thumbnailUrl":"https:\/\/kerenhajessod.ch\/wp-content\/uploads\/2020\/05\/KH-proj-banner_1500x400_3col-1.png","datePublished":"2017-06-15T08:24:42+00:00","dateModified":"2024-06-06T21:33:23+00:00","description":"Keren Hajessod ist eine non-profit und unpolitische Organisation die humanit\u00e4re Projekte f\u00fcr alle Bev\u00f6lkerungsgruppen in Israel unterst\u00fctzt.","breadcrumb":{"@id":"https:\/\/kerenhajessod.ch\/en\/aboutus\/#breadcrumb"},"inLanguage":"en-US","potentialAction":[{"@type":"ReadAction","target":["https:\/\/kerenhajessod.ch\/en\/aboutus\/"]}]},{"@type":"ImageObject","inLanguage":"en-US","@id":"https:\/\/kerenhajessod.ch\/en\/aboutus\/#primaryimage","url":"https:\/\/kerenhajessod.ch\/wp-content\/uploads\/2020\/05\/KH-proj-banner_1500x400_3col-1.png","contentUrl":"https:\/\/kerenhajessod.ch\/wp-content\/uploads\/2020\/05\/KH-proj-banner_1500x400_3col-1.png","width":2560,"height":683},{"@type":"BreadcrumbList","@id":"https:\/\/kerenhajessod.ch\/en\/aboutus\/#breadcrumb","itemListElement":[{"@type":"ListItem","position":1,"name":"Startseite","item":"https:\/\/kerenhajessod.ch\/"},{"@type":"ListItem","position":2,"name":"About us"}]},{"@type":"WebSite","@id":"https:\/\/kerenhajessod.ch\/#website","url":"https:\/\/kerenhajessod.ch\/","name":"Keren Hajessod Schweiz","description":"","publisher":{"@id":"https:\/\/kerenhajessod.ch\/#organization"},"potentialAction":[{"@type":"SearchAction","target":{"@type":"EntryPoint","urlTemplate":"https:\/\/kerenhajessod.ch\/?s={search_term_string}"},"query-input":{"@type":"PropertyValueSpecification","valueRequired":true,"valueName":"search_term_string"}}],"inLanguage":"en-US"},{"@type":"Organization","@id":"https:\/\/kerenhajessod.ch\/#organization","name":"Keren Hajessod Schweiz","url":"https:\/\/kerenhajessod.ch\/","logo":{"@type":"ImageObject","inLanguage":"en-US","@id":"https:\/\/kerenhajessod.ch\/#\/schema\/logo\/image\/","url":"https:\/\/kerenhajessod.ch\/wp-content\/uploads\/2017\/09\/kh_blank_schmal.gif","contentUrl":"https:\/\/kerenhajessod.ch\/wp-content\/uploads\/2017\/09\/kh_blank_schmal.gif","width":1400,"height":334,"caption":"Keren Hajessod Schweiz"},"image":{"@id":"https:\/\/kerenhajessod.ch\/#\/schema\/logo\/image\/"},"sameAs":["https:\/\/www.facebook.com\/kerenhajessod\/","https:\/\/www.youtube.com\/playlist?list=PLanZ4Ba4_lOUcwXTRK7UeXQ6v_AipPIH2"]}]}},"_links":{"self":[{"href":"https:\/\/kerenhajessod.ch\/en\/wp-json\/wp\/v2\/pages\/852","targetHints":{"allow":["GET"]}}],"collection":[{"href":"https:\/\/kerenhajessod.ch\/en\/wp-json\/wp\/v2\/pages"}],"about":[{"href":"https:\/\/kerenhajessod.ch\/en\/wp-json\/wp\/v2\/types\/page"}],"author":[{"embeddable":true,"href":"https:\/\/kerenhajessod.ch\/en\/wp-json\/wp\/v2\/users\/1"}],"replies":[{"embeddable":true,"href":"https:\/\/kerenhajessod.ch\/en\/wp-json\/wp\/v2\/comments?post=852"}],"version-history":[{"count":0,"href":"https:\/\/kerenhajessod.ch\/en\/wp-json\/wp\/v2\/pages\/852\/revisions"}],"wp:featuredmedia":[{"embeddable":true,"href":"https:\/\/kerenhajessod.ch\/en\/wp-json\/wp\/v2\/media\/2606"}],"wp:attachment":[{"href":"https:\/\/kerenhajessod.ch\/en\/wp-json\/wp\/v2\/media?parent=852"}],"curies":[{"name":"wp","href":"https:\/\/api.w.org\/{rel}","templated":true}]}}